{"version":"1.0","provider_name":"PRECASEM","provider_url":"https:\/\/precasem.cm\/fr\/","title":"Cameroun : sauver les enfants d\u00e9scolaris\u00e9s des mines - PRECASEM","type":"rich","width":600,"height":338,"html":"<blockquote class=\"wp-embedded-content\" data-secret=\"aJHPo05sxs\"><a href=\"https:\/\/precasem.cm\/fr\/precasemdocument\/cameroun-sauver-les-enfants-descolarises-des-mines\/\">Cameroun : sauver les enfants d\u00e9scolaris\u00e9s des mines<\/a><\/blockquote><iframe sandbox=\"allow-scripts\" security=\"restricted\" src=\"https:\/\/precasem.cm\/fr\/precasemdocument\/cameroun-sauver-les-enfants-descolarises-des-mines\/embed\/#?secret=aJHPo05sxs\" width=\"600\" height=\"338\" title=\"\u00ab\u00a0Cameroun : sauver les enfants d\u00e9scolaris\u00e9s des mines\u00a0\u00bb &#8212; PRECASEM\" data-secret=\"aJHPo05sxs\" frameborder=\"0\" marginwidth=\"0\" marginheight=\"0\" scrolling=\"no\" class=\"wp-embedded-content\"><\/iframe><script>\n\/*! This file is auto-generated *\/\n!function(c,d){\"use strict\";var e=!1,o=!1;if(d.querySelector)if(c.addEventListener)e=!0;if(c.wp=c.wp||{},c.wp.receiveEmbedMessage);else if(c.wp.receiveEmbedMessage=function(e){var t=e.data;if(!t);else if(!(t.secret||t.message||t.value));else if(\/[^a-zA-Z0-9]\/.test(t.secret));else{for(var r,s,a,i=d.querySelectorAll('iframe[data-secret=\"'+t.secret+'\"]'),n=d.querySelectorAll('blockquote[data-secret=\"'+t.secret+'\"]'),o=new RegExp(\"^https?:$\",\"i\"),l=0;l<n.length;l++)n[l].style.display=\"none\";for(l=0;l<i.length;l++)if(r=i[l],e.source!==r.contentWindow);else{if(r.removeAttribute(\"style\"),\"height\"===t.message){if(1e3<(s=parseInt(t.value,10)))s=1e3;else if(~~s<200)s=200;r.height=s}if(\"link\"===t.message)if(s=d.createElement(\"a\"),a=d.createElement(\"a\"),s.href=r.getAttribute(\"src\"),a.href=t.value,!o.test(a.protocol));else if(a.host===s.host)if(d.activeElement===r)c.top.location.href=t.value}}},e)c.addEventListener(\"message\",c.wp.receiveEmbedMessage,!1),d.addEventListener(\"DOMContentLoaded\",t,!1),c.addEventListener(\"load\",t,!1);function t(){if(o);else{o=!0;for(var e,t,r,s=-1!==navigator.appVersion.indexOf(\"MSIE 10\"),a=!!navigator.userAgent.match(\/Trident.*rv:11\\.\/),i=d.querySelectorAll(\"iframe.wp-embedded-content\"),n=0;n<i.length;n++){if(!(r=(t=i[n]).getAttribute(\"data-secret\")))r=Math.random().toString(36).substr(2,10),t.src+=\"#?secret=\"+r,t.setAttribute(\"data-secret\",r);if(s||a)(e=t.cloneNode(!0)).removeAttribute(\"security\"),t.parentNode.replaceChild(e,t);t.contentWindow.postMessage({message:\"ready\",secret:r},\"*\")}}}}(window,document);\n<\/script>\n","description":"Cameroun Dans cette cour de la chefferie du Canton Bidimba, dans l&#8217;est du Cameroun, l\u2019heure est \u00e0 la concertation. Le sort des enfants d\u00e9scolaris\u00e9s pr\u00e9occupe dans cette partie du pays o\u00f9 la principale activit\u00e9 \u00e9conomique demeure l\u2019exploitation des mines d\u2019or.Plusieurs enfants ont tremp\u00e9 leurs tenues scolaires dans ses eaux boueuses \u00e0 la recherche du pr\u00e9cieux..."}